{"id":708,"date":"2018-02-09T12:30:17","date_gmt":"2018-02-09T12:30:17","guid":{"rendered":"https:\/\/www.inclusivetourismproject.com\/project\/"},"modified":"2019-04-24T10:38:34","modified_gmt":"2019-04-24T10:38:34","slug":"proyecto","status":"publish","type":"page","link":"https:\/\/www.inclusivetourismproject.com\/es\/proyecto\/","title":{"rendered":"Proyecto"},"content":{"rendered":"<div class=\"vce-section vce-element--has-background\" data-vce-full-width-section=\"true\" data-vce-section-stretch-content=\"true\" style=\"width: 1283px; left: -71.5px;\"><div class=\"vce-section-inner vce-section-content--top\" id=\"el-3f25fdba\" data-vce-do-apply=\"all el-3f25fdba\" style=\"\"><div class=\"vce-content-background-container\"><div class=\"vce-asset-parallax-container vce-visible-all-only\" data-vce-assets-parallax=\".vce-asset-parallax\" data-vce-assets-parallax-speed=\"10\"><div class=\"vce-asset-parallax\" style=\"top: -10vh; bottom: -10vh; transform: translateY(2.46715vh);\"><div class=\"vce-asset-background-simple-container vce-visible-all-only vce-asset-background-simple--style-cover vce-asset-background-simple--position-center-center\"><div class=\"vce-asset-background-simple\"><div class=\"vce-asset-background-simple-item\" style=\"background-image: url('https:\/\/www.inclusivetourismproject.com\/wp-content\/uploads\/2018\/07\/chico-okey-S.jpg');\"><\/div><\/div><\/div><div class=\"vce-asset-color-gradient-container vce-visible-all-only\" data-vce-do-apply=\"gradient el-3f25fdba\"><\/div><\/div><\/div><\/div><div data-vce-element-content=\"true\"><div class=\"vce-row-container\"><div class=\"vce-row vce-row--col-gap-30 vce-row-columns--top vce-row-content--top\" id=\"el-70c48f2e\" data-vce-do-apply=\"all el-70c48f2e\"><div class=\"vce-content-background-container\"><\/div><div class=\"vce-row-content\" data-vce-element-content=\"true\"><div class=\"vce-col vce-col--md-100p vce-col--xs-1 vce-col--xs-last vce-col--xs-first vce-col--sm-last vce-col--sm-first vce-col--md-last vce-col--lg-last vce-col--xl-last vce-col--md-first vce-col--lg-first vce-col--xl-first\" id=\"el-28fd30af\" data-vce-do-apply=\"background border el-28fd30af\"><div class=\"vce-col-inner\" data-vce-element-content=\"true\" data-vce-do-apply=\"padding margin  el-28fd30af\"><div class=\"vce-typewriter-heading vce-typewriter-heading--align-center vce-typewriter-heading--color-b-255-255-255--45--5C00FF--FF7200\" id=\"el-4573f1d0\"><div class=\"vce-typewriter-heading-wrapper\"><div class=\"vce-typewriter-heading--background vce\" data-vce-do-apply=\"border background  padding margin el-4573f1d0\"><h1 class=\"vce-typewriter-heading-inner vce-typewriter-init\" style=\"font-size:7vw;line-height:1.2;font-family:Abel;font-weight:400\" data-vce-typewriter-text=\"Inclusive Tourism>typewriter>El Proyecto.\" data-vce-typewriter-speed=\"100\" data-vce-typewriter-delay=\"5000\" data-vce-typewriter-loop=\"1\" data-reactroot=\"\"><\/h1><\/div><\/div><\/div><div class=\"vce-google-fonts-heading vce-google-fonts-heading--align-center vce-google-fonts-heading--color-b-255-255-255--45--5C00FF--FF7200\"><div class=\"vce-google-fonts-heading-wrapper\"><div class=\"vce-google-fonts-heading--background vce\" id=\"el-9707dc25\" data-vce-do-apply=\"border background  padding margin el-9707dc25\"><h3 class=\"vce-google-fonts-heading-inner\" style=\"font-size: 40px; font-family: Abel; font-weight: 400;\">Objetivos<\/h3><\/div><\/div><\/div><\/div><\/div><\/div><\/div><\/div><\/div><\/div><\/div><div class=\"vce-row-container\"><div class=\"vce-row vce-row--has-col-background vce-row--col-gap-0 vce-row-wrap--reverse vce-row-equal-height vce-row-columns--top vce-row-content--top\" id=\"el-3469d8dd\" data-vce-do-apply=\"all el-3469d8dd\"><div class=\"vce-content-background-container\"><\/div><div class=\"vce-row-content\" data-vce-element-content=\"true\"><div class=\"vce-col vce-element--has-background vce-col--md-33-33p vce-col--xs-1 vce-col--xs-last vce-col--xs-first vce-col--sm-last vce-col--sm-first vce-col--md-first vce-col--lg-first vce-col--xl-first\" id=\"el-5613565e\" data-vce-do-apply=\"background border el-5613565e\"><div class=\"vce-content-background-container\"><\/div><div class=\"vce-col-inner\" data-vce-element-content=\"true\" data-vce-do-apply=\"padding margin  el-5613565e\"><div class=\"vce-button--style-animated-icon-container vce-button--style-animated-icon-container--align-center\"><div class=\"vce-button--style-animated-icon-wrapper vce\" id=\"el-5756b6aa\" data-vce-do-apply=\"margin el-5756b6aa\"><button class=\"vce-button--style-animated-icon vce-button--style-animated-icon--border-round vce-button--style-animated-icon--color-b-255-255-255--b-40-104-178\" data-vce-do-apply=\"padding border background  el-5756b6aa\"><span class=\"vce-button--style-animated-icon-inner-icon fa fa-users\"><\/span><span class=\"vce-button--style-animated-icon-inner\"><span class=\"vce-button--style-animated-icon-inner-text\"><\/span><\/span><\/button><\/div><\/div><div class=\"vce-google-fonts-heading vce-google-fonts-heading--align-center vce-google-fonts-heading--color-b-255-255-255--45--5C00FF--FF7200\"><div class=\"vce-google-fonts-heading-wrapper\"><div class=\"vce-google-fonts-heading--background vce\" id=\"el-39412cce\" data-vce-do-apply=\"border background  padding margin el-39412cce\"><h2 class=\"vce-google-fonts-heading-inner\" style=\"font-size: 36px; line-height: 1.2; font-family: Abel; font-weight: 400;\">Sensibilizaci\u00f3n<\/h2><\/div><\/div><\/div><div class=\"vce-text-block\"><div class=\"vce-text-block-wrapper vce\" id=\"el-cb3e0eef\" data-vce-do-apply=\"all el-cb3e0eef\"><\/div><\/div><\/div><\/div><div class=\"vce-col vce-element--has-background vce-col--md-33-33p vce-col--xs-1 vce-col--xs-last vce-col--xs-first vce-col--sm-last vce-col--sm-first\" id=\"el-439e961e\" data-vce-do-apply=\"background border el-439e961e\"><div class=\"vce-content-background-container\"><\/div><div class=\"vce-col-inner\" data-vce-element-content=\"true\" data-vce-do-apply=\"padding margin  el-439e961e\"><div class=\"vce-button--style-animated-icon-container vce-button--style-animated-icon-container--align-center\"><div class=\"vce-button--style-animated-icon-wrapper vce\" id=\"el-45a4276d\" data-vce-do-apply=\"margin el-45a4276d\"><button class=\"vce-button--style-animated-icon vce-button--style-animated-icon--border-round vce-button--style-animated-icon--color-b-255-255-255--b-24-66-114\" data-vce-do-apply=\"padding border background  el-45a4276d\"><span class=\"vce-button--style-animated-icon-inner-icon fa fa-cogs\"><\/span><span class=\"vce-button--style-animated-icon-inner\"><span class=\"vce-button--style-animated-icon-inner-text\"><\/span><\/span><\/button><\/div><\/div><div class=\"vce-google-fonts-heading vce-google-fonts-heading--align-center vce-google-fonts-heading--color-b-255-255-255--45--5C00FF--FF7200\"><div class=\"vce-google-fonts-heading-wrapper\"><div class=\"vce-google-fonts-heading--background vce\" id=\"el-71602b04\" data-vce-do-apply=\"border background  padding margin el-71602b04\"><h2 class=\"vce-google-fonts-heading-inner\" style=\"font-size: 36px; line-height: 1.2; font-family: Abel; font-weight: 400;\"> Desarrollo<\/h2><\/div><\/div><\/div><div class=\"vce-text-block\"><div class=\"vce-text-block-wrapper vce\" id=\"el-859dd6b5\" data-vce-do-apply=\"all el-859dd6b5\"><\/div><\/div><\/div><\/div><div class=\"vce-col vce-element--has-background vce-col--md-33-33p vce-col--xs-1 vce-col--xs-last vce-col--xs-first vce-col--sm-last vce-col--sm-first vce-col--md-last vce-col--lg-last vce-col--xl-last\" id=\"el-4b24af52\" data-vce-do-apply=\"background border el-4b24af52\"><div class=\"vce-content-background-container\"><\/div><div class=\"vce-col-inner\" data-vce-element-content=\"true\" data-vce-do-apply=\"padding margin  el-4b24af52\"><div class=\"vce-button--style-animated-icon-container vce-button--style-animated-icon-container--align-center\"><div class=\"vce-button--style-animated-icon-wrapper vce\" id=\"el-38d4b21e\" data-vce-do-apply=\"margin el-38d4b21e\"><button class=\"vce-button--style-animated-icon vce-button--style-animated-icon--border-round vce-button--style-animated-icon--color-b-255-255-255--b-13-38-66\" data-vce-do-apply=\"padding border background  el-38d4b21e\"><span class=\"vce-button--style-animated-icon-inner-icon fa fa-handshake-o\"><\/span><span class=\"vce-button--style-animated-icon-inner\"><span class=\"vce-button--style-animated-icon-inner-text\"><\/span><\/span><\/button><\/div><\/div><div class=\"vce-google-fonts-heading vce-google-fonts-heading--align-center vce-google-fonts-heading--color-b-255-255-255--45--5C00FF--FF7200\"><div class=\"vce-google-fonts-heading-wrapper\"><div class=\"vce-google-fonts-heading--background vce\" id=\"el-869ffa1e\" data-vce-do-apply=\"border background  padding margin el-869ffa1e\"><h2 class=\"vce-google-fonts-heading-inner\" style=\"font-size: 36px; line-height: 1.2; font-family: Abel; font-weight: 400;\"> Cooperaci\u00f3n<\/h2><\/div><\/div><\/div><div class=\"vce-text-block\"><div class=\"vce-text-block-wrapper vce\" id=\"el-d77ab90f\" data-vce-do-apply=\"all el-d77ab90f\"><\/div><\/div><\/div><\/div><\/div><\/div><\/div><div class=\"vce-row-container\"><div class=\"vce-row vce-row--col-gap-30 vce-row-columns--top vce-row-content--top\" id=\"el-b9447d87\" data-vce-do-apply=\"all el-b9447d87\"><div class=\"vce-content-background-container\"><\/div><div class=\"vce-row-content\" data-vce-element-content=\"true\"><div class=\"vce-col vce-col--md-23-68p vce-col--xs-1 vce-col--xs-last vce-col--xs-first vce-col--sm-last vce-col--sm-first vce-col--md-first vce-col--lg-first vce-col--xl-first\" id=\"el-cee78f46\" data-vce-do-apply=\"background border el-cee78f46\"><div class=\"vce-col-inner\" data-vce-element-content=\"true\" data-vce-do-apply=\"padding margin  el-cee78f46\"><div class=\"vce-google-fonts-heading vce-google-fonts-heading--align-center vce-google-fonts-heading--color-b-62-61-61--45--5C00FF--FF7200\"><div class=\"vce-google-fonts-heading-wrapper\"><div class=\"vce-google-fonts-heading--background vce\" id=\"el-0920b73e\" data-vce-do-apply=\"border background  padding margin el-0920b73e\"><h3 class=\"vce-google-fonts-heading-inner\" style=\"font-size: 59px; line-height: 1; font-family: Abel; font-weight: 400;\">INCLUSIVE TOURISM <\/h3><\/div><\/div><\/div><div class=\"vce-text-block\"><div class=\"vce-text-block-wrapper vce\" id=\"el-4bcc56f6\" data-vce-do-apply=\"all el-4bcc56f6\"><em><span style=\"color: #000000; font-size: 19px;\"><strong>INCLUSIVE TOURISM<\/strong> es un proyecto cofinanciado por el programa Erasmus + de la Uni\u00f3n Europea (2017-1-ES01-KA202-038574)<\/span><\/em><\/div><\/div><\/div><\/div><div class=\"vce-col vce-col--md-25p vce-col--xs-1 vce-col--xs-last vce-col--xs-first vce-col--sm-last vce-col--sm-first\" id=\"el-957bf73c\" data-vce-do-apply=\"background border el-957bf73c\"><div class=\"vce-col-inner\" data-vce-element-content=\"true\" data-vce-do-apply=\"padding margin  el-957bf73c\"><div class=\"vce-icon-hoverbox vce vce-icon-hoverbox-align--left vce-icon-hoverbox--custom-size vce-icon-hoverbox-background-position--center-center vce-icon-hoverbox-background--ba-40-104-178-0-2\" id=\"el-3655144a\" data-vce-do-apply=\"margin background  border el-3655144a\"><div class=\"vce-icon-hoverbox-wrapper\" style=\"width: 100%; padding-bottom: 80%; background-image: url('https:\/\/www.inclusivetourismproject.com\/wp-content\/uploads\/2018\/06\/fotografia-S.jpg');\"><div class=\"vce-icon-hoverbox-inner\" data-vce-do-apply=\"padding el-3655144a\"><div class=\"vce-features vce-features--style-none vce-features--align-center vce-features--size-large vce-icon--style--icon-color-b-255-255-255 vce-icon--style--shape-color-ba-151-139-126-0\"><div id=\"el-713c9a45\" class=\"vce vce-features-icon-wrapper\" data-vce-do-apply=\"all el-713c9a45\"><div class=\"vce-features--icon vce-icon\"><svg xmlns=\"https:\/\/www.w3.org\/2000\/svg\" viewBox=\"0 0 769 769\"><path stroke-width=\"25\" d=\"M565.755 696.27h-360l-180-311.77 180-311.77h360l180 311.77z\"><\/path><\/svg><span class=\"vce-icon-container fa fa-check\"><\/span><\/div><\/div><\/div><\/div><\/div><\/div><div class=\"vce-google-fonts-heading vce-google-fonts-heading--align-left vce-google-fonts-heading--color-b-62-61-61--45--5C00FF--FF7200\"><div class=\"vce-google-fonts-heading-wrapper\"><div class=\"vce-google-fonts-heading--background vce\" id=\"el-ebde68ca\" data-vce-do-apply=\"border background  padding margin el-ebde68ca\"><h3 class=\"vce-google-fonts-heading-inner\" style=\"font-size: 21px; line-height: 1; letter-spacing: 1px; font-family: Montserrat; font-weight: 400;\">Aumentar la conciencia sobre las capacidades<\/h3><\/div><\/div><\/div><div class=\"vce-text-block\"><div class=\"vce-text-block-wrapper vce\" id=\"el-8a83dcfb\" data-vce-do-apply=\"all el-8a83dcfb\"><p style=\"text-align: left;\">Aumentar la conciencia sobre las capacidades para el empleo de las personas con discapacidad en el turismo inclusivo y mejorar su acceso al mercado laboral.<\/p><\/div><\/div><\/div><\/div><div class=\"vce-col vce-col--md-25p vce-col--xs-1 vce-col--xs-last vce-col--xs-first vce-col--sm-last vce-col--sm-first\" id=\"el-3b09fc26\" data-vce-do-apply=\"background border el-3b09fc26\"><div class=\"vce-col-inner\" data-vce-element-content=\"true\" data-vce-do-apply=\"padding margin  el-3b09fc26\"><div class=\"vce-icon-hoverbox vce vce-icon-hoverbox-align--left vce-icon-hoverbox--custom-size vce-icon-hoverbox-background-position--center-center vce-icon-hoverbox-background--ba-40-104-178-0-2\" id=\"el-13cc8fbc\" data-vce-do-apply=\"margin background  border el-13cc8fbc\"><div class=\"vce-icon-hoverbox-wrapper\" style=\"width: 100%; padding-bottom: 80%; background-image: url('https:\/\/www.inclusivetourismproject.com\/wp-content\/uploads\/2018\/05\/Pic-CUDV.jpg');\"><div class=\"vce-icon-hoverbox-inner\" data-vce-do-apply=\"padding el-13cc8fbc\"><div class=\"vce-features vce-features--style-none vce-features--align-center vce-features--size-large vce-icon--style--icon-color-fff vce-icon--style--shape-color-b-255-255-255\"><div id=\"el-713c9a45\" class=\"vce vce-features-icon-wrapper\" data-vce-do-apply=\"all el-713c9a45\"><div class=\"vce-features--icon vce-icon\"><svg xmlns=\"https:\/\/www.w3.org\/2000\/svg\" viewBox=\"0 0 769 769\"><path stroke-width=\"25\" d=\"M565.755 696.27h-360l-180-311.77 180-311.77h360l180 311.77z\"><\/path><\/svg><span class=\"vce-icon-container fa fa-check\"><\/span><\/div><\/div><\/div><\/div><\/div><\/div><div class=\"vce-google-fonts-heading vce-google-fonts-heading--align-left vce-google-fonts-heading--color-b-62-61-61--45--5C00FF--FF7200\"><div class=\"vce-google-fonts-heading-wrapper\"><div class=\"vce-google-fonts-heading--background vce\" id=\"el-b32e3ba8\" data-vce-do-apply=\"border background  padding margin el-b32e3ba8\"><h3 class=\"vce-google-fonts-heading-inner\" style=\"font-size: 21px; line-height: 1; letter-spacing: 1px; font-family: Montserrat; font-weight: 400;\">Sensibilizar sobre el potencial<\/h3><\/div><\/div><\/div><div class=\"vce-text-block\"><div class=\"vce-text-block-wrapper vce\" id=\"el-be641a7e\" data-vce-do-apply=\"all el-be641a7e\"><p style=\"text-align: left;\">Sensibilizar sobre el potencial del turismo inclusivo y accesible para la competitividad del sector tur\u00edstico.<\/p><\/div><\/div><\/div><\/div><div class=\"vce-col vce-col--md-25p vce-col--xs-1 vce-col--xs-last vce-col--xs-first vce-col--sm-last vce-col--sm-first vce-col--md-last vce-col--lg-last vce-col--xl-last\" id=\"el-dae56541\" data-vce-do-apply=\"background border el-dae56541\"><div class=\"vce-col-inner\" data-vce-element-content=\"true\" data-vce-do-apply=\"padding margin  el-dae56541\"><div class=\"vce-icon-hoverbox vce vce-icon-hoverbox-align--left vce-icon-hoverbox--custom-size vce-icon-hoverbox-background-position--center-center vce-icon-hoverbox-background--ba-40-104-178-0-2\" id=\"el-90c7f821\" data-vce-do-apply=\"margin background  border el-90c7f821\"><div class=\"vce-icon-hoverbox-wrapper\" style=\"width: 100%; padding-bottom: 80%; background-image: url('https:\/\/www.inclusivetourismproject.com\/wp-content\/uploads\/2018\/07\/manos-juntas-S.jpg');\"><div class=\"vce-icon-hoverbox-inner\" data-vce-do-apply=\"padding el-90c7f821\"><div class=\"vce-features vce-features--style-none vce-features--align-center vce-features--size-large vce-icon--style--icon-color-fff vce-icon--style--shape-color-b-151-139-126\"><div id=\"el-713c9a45\" class=\"vce vce-features-icon-wrapper\" data-vce-do-apply=\"all el-713c9a45\"><div class=\"vce-features--icon vce-icon\"><svg xmlns=\"https:\/\/www.w3.org\/2000\/svg\" viewBox=\"0 0 769 769\"><path stroke-width=\"25\" d=\"M565.755 696.27h-360l-180-311.77 180-311.77h360l180 311.77z\"><\/path><\/svg><span class=\"vce-icon-container fa fa-check\"><\/span><\/div><\/div><\/div><\/div><\/div><\/div><div class=\"vce-google-fonts-heading vce-google-fonts-heading--align-left vce-google-fonts-heading--color-b-62-61-61--45--5C00FF--FF7200\"><div class=\"vce-google-fonts-heading-wrapper\"><div class=\"vce-google-fonts-heading--background vce\" id=\"el-5c2090e6\" data-vce-do-apply=\"border background  padding margin el-5c2090e6\"><h3 class=\"vce-google-fonts-heading-inner\" style=\"font-size: 21px; line-height: 1; letter-spacing: 1px; font-family: Montserrat; font-weight: 400;\">Desarrollar contenidos<\/h3><\/div><\/div><\/div><div class=\"vce-text-block\"><div class=\"vce-text-block-wrapper vce\" id=\"el-d2c769ad\" data-vce-do-apply=\"all el-d2c769ad\">Desarrollar contenidos para la capacitaci\u00f3n, materiales y herramientas dirigidas a personas con discapacidad basadas en la adaptaci\u00f3n adecuada del Modelo de Empleo a contextos reales y espec\u00edficos.<\/div><\/div><\/div><\/div><\/div><\/div><\/div><div class=\"vce-row-container\"><div class=\"vce-row vce-row--col-gap-30 vce-row-columns--top vce-row-content--top\" id=\"el-e126f470\" data-vce-do-apply=\"all el-e126f470\"><div class=\"vce-content-background-container\"><\/div><div class=\"vce-row-content\" data-vce-element-content=\"true\"><div class=\"vce-col vce-col--md-23-68p vce-col--xs-1 vce-col--xs-last vce-col--xs-first vce-col--sm-last vce-col--sm-first vce-col--md-first vce-col--lg-first vce-col--xl-first\" id=\"el-13f63c16\" data-vce-do-apply=\"background border el-13f63c16\"><div class=\"vce-col-inner\" data-vce-element-content=\"true\" data-vce-do-apply=\"padding margin  el-13f63c16\"><div class=\"vce-google-fonts-heading vce-google-fonts-heading--align-left vce-google-fonts-heading--color-b-62-61-61--45--5C00FF--FF7200\"><div class=\"vce-google-fonts-heading-wrapper\"><div class=\"vce-google-fonts-heading--background vce\" id=\"el-1e43aaec\" data-vce-do-apply=\"border background  padding margin el-1e43aaec\"><h2 class=\"vce-google-fonts-heading-inner\" style=\"font-size: 48px; line-height: 1.2; letter-spacing: 3px; font-family: Abel; font-weight: 400;\"><\/h2><\/div><\/div><\/div><div class=\"vce-text-block\"><div class=\"vce-text-block-wrapper vce\" id=\"el-0edea3b3\" data-vce-do-apply=\"all el-0edea3b3\"><\/div><\/div><\/div><\/div><div class=\"vce-col vce-col--md-25p vce-col--xs-1 vce-col--xs-last vce-col--xs-first vce-col--sm-last vce-col--sm-first\" id=\"el-183e6dbe\" data-vce-do-apply=\"background border el-183e6dbe\"><div class=\"vce-col-inner\" data-vce-element-content=\"true\" data-vce-do-apply=\"padding margin  el-183e6dbe\"><div class=\"vce-icon-hoverbox vce vce-icon-hoverbox-align--left vce-icon-hoverbox--custom-size vce-icon-hoverbox-background-position--center-center vce-icon-hoverbox-background--ba-40-104-178-0-2\" id=\"el-86335607\" data-vce-do-apply=\"margin background  border el-86335607\"><div class=\"vce-icon-hoverbox-wrapper\" style=\"width: 100%; padding-bottom: 80%; background-image: url('https:\/\/www.inclusivetourismproject.com\/wp-content\/uploads\/2018\/07\/silla-calle-S.jpg');\"><div class=\"vce-icon-hoverbox-inner\" data-vce-do-apply=\"padding el-86335607\"><div class=\"vce-features vce-features--style-none vce-features--align-center vce-features--size-large vce-icon--style--icon-color-fff vce-icon--style--shape-color-b-151-139-126\"><div id=\"el-713c9a45\" class=\"vce vce-features-icon-wrapper\" data-vce-do-apply=\"all el-713c9a45\"><div class=\"vce-features--icon vce-icon\"><svg xmlns=\"https:\/\/www.w3.org\/2000\/svg\" viewBox=\"0 0 769 769\"><path stroke-width=\"25\" d=\"M565.755 696.27h-360l-180-311.77 180-311.77h360l180 311.77z\"><\/path><\/svg><span class=\"vce-icon-container fa fa-check\"><\/span><\/div><\/div><\/div><\/div><\/div><\/div><div class=\"vce-google-fonts-heading vce-google-fonts-heading--align-left vce-google-fonts-heading--color-b-62-61-61--45--5C00FF--FF7200\"><div class=\"vce-google-fonts-heading-wrapper\"><div class=\"vce-google-fonts-heading--background vce\" id=\"el-53eedcdc\" data-vce-do-apply=\"border background  padding margin el-53eedcdc\"><h3 class=\"vce-google-fonts-heading-inner\" style=\"font-size: 21px; line-height: 1; letter-spacing: 1px; font-family: Montserrat; font-weight: 400;\">Transmitir conocimientos y directrices<\/h3><\/div><\/div><\/div><div class=\"vce-text-block\"><div class=\"vce-text-block-wrapper vce\" id=\"el-9fca34e3\" data-vce-do-apply=\"all el-9fca34e3\">Transmitir conocimientos y directrices dirigidas a los profesionales del sector tur\u00edstico sobre c\u00f3mo desarrollar modelos de negocios exitosos dentro del sector de turismo inclusivo y accesible y c\u00f3mo apoyar a las personas con discapacidad como posibles empleados.<\/div><\/div><\/div><\/div><div class=\"vce-col vce-col--md-25p vce-col--xs-1 vce-col--xs-last vce-col--xs-first vce-col--sm-last vce-col--sm-first\" id=\"el-e7175dee\" data-vce-do-apply=\"background border el-e7175dee\"><div class=\"vce-col-inner\" data-vce-element-content=\"true\" data-vce-do-apply=\"padding margin  el-e7175dee\"><div class=\"vce-icon-hoverbox vce vce-icon-hoverbox-align--left vce-icon-hoverbox--custom-size vce-icon-hoverbox-background-position--left-center vce-icon-hoverbox-background--ba-40-104-178-0-2\" id=\"el-f7367b6b\" data-vce-do-apply=\"margin background  border el-f7367b6b\"><div class=\"vce-icon-hoverbox-wrapper\" style=\"width: 100%; padding-bottom: 80%; background-image: url('https:\/\/www.inclusivetourismproject.com\/wp-content\/uploads\/2018\/07\/fondo-project-S.jpg');\"><div class=\"vce-icon-hoverbox-inner\" data-vce-do-apply=\"padding el-f7367b6b\"><div class=\"vce-features vce-features--style-none vce-features--align-center vce-features--size-large vce-icon--style--icon-color-fff vce-icon--style--shape-color-b-151-139-126\"><div id=\"el-713c9a45\" class=\"vce vce-features-icon-wrapper\" data-vce-do-apply=\"all el-713c9a45\"><div class=\"vce-features--icon vce-icon\"><svg xmlns=\"https:\/\/www.w3.org\/2000\/svg\" viewBox=\"0 0 769 769\"><path stroke-width=\"25\" d=\"M565.755 696.27h-360l-180-311.77 180-311.77h360l180 311.77z\"><\/path><\/svg><span class=\"vce-icon-container fa fa-check\"><\/span><\/div><\/div><\/div><\/div><\/div><\/div><div class=\"vce-google-fonts-heading vce-google-fonts-heading--align-left vce-google-fonts-heading--color-b-62-61-61--45--5C00FF--FF7200\"><div class=\"vce-google-fonts-heading-wrapper\"><div class=\"vce-google-fonts-heading--background vce\" id=\"el-0fb24d28\" data-vce-do-apply=\"border background  padding margin el-0fb24d28\"><h3 class=\"vce-google-fonts-heading-inner\" style=\"font-size: 21px; line-height: 1; letter-spacing: 1px; font-family: Montserrat; font-weight: 400;\">Aumentar la cooperaci\u00f3n entre las empresas del sector<\/h3><\/div><\/div><\/div><div class=\"vce-text-block\"><div class=\"vce-text-block-wrapper vce\" id=\"el-a9d6eda3\" data-vce-do-apply=\"all el-a9d6eda3\">Aumentar la cooperaci\u00f3n entre las empresas del sector tur\u00edstico y las entidades que trabajan en el campo del apoyo a las personas con discapacidad.<\/div><\/div><\/div><\/div><div class=\"vce-col vce-col--md-25p vce-col--xs-1 vce-col--xs-last vce-col--xs-first vce-col--sm-last vce-col--sm-first vce-col--md-last vce-col--lg-last vce-col--xl-last\" id=\"el-70d6cf1f\" data-vce-do-apply=\"background border el-70d6cf1f\"><div class=\"vce-col-inner\" data-vce-element-content=\"true\" data-vce-do-apply=\"padding margin  el-70d6cf1f\"><div class=\"vce-icon-hoverbox vce vce-icon-hoverbox-align--left vce-icon-hoverbox--custom-size vce-icon-hoverbox-background-position--center-center vce-icon-hoverbox-background--ba-40-104-178-0-2\" id=\"el-ed7c79c1\" data-vce-do-apply=\"margin background  border el-ed7c79c1\"><div class=\"vce-icon-hoverbox-wrapper\" style=\"width: 100%; padding-bottom: 80%; background-image: url('https:\/\/www.inclusivetourismproject.com\/wp-content\/uploads\/2018\/07\/project-recepcion-S.jpg');\"><div class=\"vce-icon-hoverbox-inner\" data-vce-do-apply=\"padding el-ed7c79c1\"><div class=\"vce-features vce-features--style-none vce-features--align-center vce-features--size-large vce-icon--style--icon-color-fff vce-icon--style--shape-color-b-151-139-126\"><div id=\"el-713c9a45\" class=\"vce vce-features-icon-wrapper\" data-vce-do-apply=\"all el-713c9a45\"><div class=\"vce-features--icon vce-icon\"><svg xmlns=\"https:\/\/www.w3.org\/2000\/svg\" viewBox=\"0 0 769 769\"><path stroke-width=\"25\" d=\"M565.755 696.27h-360l-180-311.77 180-311.77h360l180 311.77z\"><\/path><\/svg><span class=\"vce-icon-container fa fa-check\"><\/span><\/div><\/div><\/div><\/div><\/div><\/div><div class=\"vce-google-fonts-heading vce-google-fonts-heading--align-left vce-google-fonts-heading--color-b-62-61-61--45--5C00FF--FF7200\"><div class=\"vce-google-fonts-heading-wrapper\"><div class=\"vce-google-fonts-heading--background vce\" id=\"el-18753b6c\" data-vce-do-apply=\"border background  padding margin el-18753b6c\"><h3 class=\"vce-google-fonts-heading-inner\" style=\"font-size: 21px; line-height: 1; letter-spacing: 1px; font-family: Montserrat; font-weight: 400;\">Dar a conocer el potencial a los clientes<\/h3><\/div><\/div><\/div><div class=\"vce-text-block\"><div class=\"vce-text-block-wrapper vce\" id=\"el-f517363a\" data-vce-do-apply=\"all el-f517363a\">Poner en conocimiento de los clientes posibles del potencial que tiene el sector tur\u00edstico inclusivo y accesible y c\u00f3mo acceder a \u00e9l.<\/div><\/div><\/div><\/div><\/div><\/div><\/div>\n","protected":false},"excerpt":{"rendered":"<p>ObjetivosSensibilizaci\u00f3n Desarrollo Cooperaci\u00f3nINCLUSIVE TOURISM INCLUSIVE TOURISM es un proyecto cofinanciado por el programa Erasmus + de la Uni\u00f3n Europea (2017-1-ES01-KA202-038574)Aumentar la conciencia sobre las capacidadesAumentar la conciencia sobre las capacidades para el empleo de las personas con discapacidad en el turismo inclusivo y mejorar su acceso al mercado laboral.Sensibilizar sobre el potencialSensibilizar sobre el potencial [&hellip;]<\/p>\n","protected":false},"author":1,"featured_media":0,"parent":0,"menu_order":0,"comment_status":"closed","ping_status":"closed","template":"","meta":{"footnotes":""},"class_list":["post-708","page","type-page","status-publish","hentry"],"yoast_head":"<!-- This site is optimized with the Yoast SEO plugin v27.3 - https:\/\/yoast.com\/product\/yoast-seo-wordpress\/ -->\n<title>Proyecto - Inclusive Tourism<\/title>\n<meta name=\"robots\" content=\"index, follow, max-snippet:-1, max-image-preview:large, max-video-preview:-1\" \/>\n<link rel=\"canonical\" href=\"https:\/\/www.inclusivetourismproject.com\/es\/proyecto\/\" \/>\n<meta property=\"og:locale\" content=\"es_ES\" \/>\n<meta property=\"og:type\" content=\"article\" \/>\n<meta property=\"og:title\" content=\"Proyecto - Inclusive Tourism\" \/>\n<meta property=\"og:description\" content=\"ObjetivosSensibilizaci\u00f3n Desarrollo Cooperaci\u00f3nINCLUSIVE TOURISM INCLUSIVE TOURISM es un proyecto cofinanciado por el programa Erasmus + de la Uni\u00f3n Europea (2017-1-ES01-KA202-038574)Aumentar la conciencia sobre las capacidadesAumentar la conciencia sobre las capacidades para el empleo de las personas con discapacidad en el turismo inclusivo y mejorar su acceso al mercado laboral.Sensibilizar sobre el potencialSensibilizar sobre el potencial [&hellip;]\" \/>\n<meta property=\"og:url\" content=\"https:\/\/www.inclusivetourismproject.com\/es\/proyecto\/\" \/>\n<meta property=\"og:site_name\" content=\"Inclusive Tourism\" \/>\n<meta property=\"article:modified_time\" content=\"2019-04-24T10:38:34+00:00\" \/>\n<meta name=\"twitter:card\" content=\"summary_large_image\" \/>\n<meta name=\"twitter:label1\" content=\"Tiempo de lectura\" \/>\n\t<meta name=\"twitter:data1\" content=\"1 minuto\" \/>\n<script type=\"application\/ld+json\" class=\"yoast-schema-graph\">{\"@context\":\"https:\\\/\\\/schema.org\",\"@graph\":[{\"@type\":\"WebPage\",\"@id\":\"https:\\\/\\\/www.inclusivetourismproject.com\\\/es\\\/proyecto\\\/\",\"url\":\"https:\\\/\\\/www.inclusivetourismproject.com\\\/es\\\/proyecto\\\/\",\"name\":\"Proyecto - Inclusive Tourism\",\"isPartOf\":{\"@id\":\"https:\\\/\\\/www.inclusivetourismproject.com\\\/#website\"},\"datePublished\":\"2018-02-09T12:30:17+00:00\",\"dateModified\":\"2019-04-24T10:38:34+00:00\",\"breadcrumb\":{\"@id\":\"https:\\\/\\\/www.inclusivetourismproject.com\\\/es\\\/proyecto\\\/#breadcrumb\"},\"inLanguage\":\"es\",\"potentialAction\":[{\"@type\":\"ReadAction\",\"target\":[\"https:\\\/\\\/www.inclusivetourismproject.com\\\/es\\\/proyecto\\\/\"]}]},{\"@type\":\"BreadcrumbList\",\"@id\":\"https:\\\/\\\/www.inclusivetourismproject.com\\\/es\\\/proyecto\\\/#breadcrumb\",\"itemListElement\":[{\"@type\":\"ListItem\",\"position\":1,\"name\":\"Portada\",\"item\":\"https:\\\/\\\/www.inclusivetourismproject.com\\\/es\\\/\"},{\"@type\":\"ListItem\",\"position\":2,\"name\":\"Proyecto\"}]},{\"@type\":\"WebSite\",\"@id\":\"https:\\\/\\\/www.inclusivetourismproject.com\\\/#website\",\"url\":\"https:\\\/\\\/www.inclusivetourismproject.com\\\/\",\"name\":\"Inclusive Tourism\",\"description\":\"Inclusive Tourism\",\"potentialAction\":[{\"@type\":\"SearchAction\",\"target\":{\"@type\":\"EntryPoint\",\"urlTemplate\":\"https:\\\/\\\/www.inclusivetourismproject.com\\\/?s={search_term_string}\"},\"query-input\":{\"@type\":\"PropertyValueSpecification\",\"valueRequired\":true,\"valueName\":\"search_term_string\"}}],\"inLanguage\":\"es\"}]}<\/script>\n<!-- \/ Yoast SEO plugin. -->","yoast_head_json":{"title":"Proyecto - Inclusive Tourism","robots":{"index":"index","follow":"follow","max-snippet":"max-snippet:-1","max-image-preview":"max-image-preview:large","max-video-preview":"max-video-preview:-1"},"canonical":"https:\/\/www.inclusivetourismproject.com\/es\/proyecto\/","og_locale":"es_ES","og_type":"article","og_title":"Proyecto - Inclusive Tourism","og_description":"ObjetivosSensibilizaci\u00f3n Desarrollo Cooperaci\u00f3nINCLUSIVE TOURISM INCLUSIVE TOURISM es un proyecto cofinanciado por el programa Erasmus + de la Uni\u00f3n Europea (2017-1-ES01-KA202-038574)Aumentar la conciencia sobre las capacidadesAumentar la conciencia sobre las capacidades para el empleo de las personas con discapacidad en el turismo inclusivo y mejorar su acceso al mercado laboral.Sensibilizar sobre el potencialSensibilizar sobre el potencial [&hellip;]","og_url":"https:\/\/www.inclusivetourismproject.com\/es\/proyecto\/","og_site_name":"Inclusive Tourism","article_modified_time":"2019-04-24T10:38:34+00:00","twitter_card":"summary_large_image","twitter_misc":{"Tiempo de lectura":"1 minuto"},"schema":{"@context":"https:\/\/schema.org","@graph":[{"@type":"WebPage","@id":"https:\/\/www.inclusivetourismproject.com\/es\/proyecto\/","url":"https:\/\/www.inclusivetourismproject.com\/es\/proyecto\/","name":"Proyecto - Inclusive Tourism","isPartOf":{"@id":"https:\/\/www.inclusivetourismproject.com\/#website"},"datePublished":"2018-02-09T12:30:17+00:00","dateModified":"2019-04-24T10:38:34+00:00","breadcrumb":{"@id":"https:\/\/www.inclusivetourismproject.com\/es\/proyecto\/#breadcrumb"},"inLanguage":"es","potentialAction":[{"@type":"ReadAction","target":["https:\/\/www.inclusivetourismproject.com\/es\/proyecto\/"]}]},{"@type":"BreadcrumbList","@id":"https:\/\/www.inclusivetourismproject.com\/es\/proyecto\/#breadcrumb","itemListElement":[{"@type":"ListItem","position":1,"name":"Portada","item":"https:\/\/www.inclusivetourismproject.com\/es\/"},{"@type":"ListItem","position":2,"name":"Proyecto"}]},{"@type":"WebSite","@id":"https:\/\/www.inclusivetourismproject.com\/#website","url":"https:\/\/www.inclusivetourismproject.com\/","name":"Inclusive Tourism","description":"Inclusive Tourism","potentialAction":[{"@type":"SearchAction","target":{"@type":"EntryPoint","urlTemplate":"https:\/\/www.inclusivetourismproject.com\/?s={search_term_string}"},"query-input":{"@type":"PropertyValueSpecification","valueRequired":true,"valueName":"search_term_string"}}],"inLanguage":"es"}]}},"_links":{"self":[{"href":"https:\/\/www.inclusivetourismproject.com\/es\/wp-json\/wp\/v2\/pages\/708","targetHints":{"allow":["GET"]}}],"collection":[{"href":"https:\/\/www.inclusivetourismproject.com\/es\/wp-json\/wp\/v2\/pages"}],"about":[{"href":"https:\/\/www.inclusivetourismproject.com\/es\/wp-json\/wp\/v2\/types\/page"}],"author":[{"embeddable":true,"href":"https:\/\/www.inclusivetourismproject.com\/es\/wp-json\/wp\/v2\/users\/1"}],"replies":[{"embeddable":true,"href":"https:\/\/www.inclusivetourismproject.com\/es\/wp-json\/wp\/v2\/comments?post=708"}],"version-history":[{"count":5,"href":"https:\/\/www.inclusivetourismproject.com\/es\/wp-json\/wp\/v2\/pages\/708\/revisions"}],"predecessor-version":[{"id":917,"href":"https:\/\/www.inclusivetourismproject.com\/es\/wp-json\/wp\/v2\/pages\/708\/revisions\/917"}],"wp:attachment":[{"href":"https:\/\/www.inclusivetourismproject.com\/es\/wp-json\/wp\/v2\/media?parent=708"}],"curies":[{"name":"wp","href":"https:\/\/api.w.org\/{rel}","templated":true}]}}